{"id":410,"date":"2012-07-12T23:36:58","date_gmt":"2012-07-12T21:36:58","guid":{"rendered":"http:\/\/fredrikalvelov.se\/?page_id=410"},"modified":"2025-04-12T10:36:32","modified_gmt":"2025-04-12T08:36:32","slug":"almby","status":"publish","type":"page","link":"https:\/\/fredrikalvelov.se\/?page_id=410","title":{"rendered":"Almby"},"content":{"rendered":"<h1>Almby och Tybble<\/h1>\n<p>&nbsp;<\/p>\n<p>Almby och den n\u00e4rliggande byn Tybble var tidiga bos\u00e4ttningar i det som nu \u00e4r syd\u00f6stra \u00d6rebro. D\u00e5 jag har v\u00e4xt upp i Almby och bott i Tybble under ett antal \u00e5r efter det, har detta omr\u00e5de en s\u00e4rskild plats i mitt hj\u00e4rta.<\/p>\n<p>H\u00e4r \u00e4r en bild, tagen uppifr\u00e5n backen ner mot \u00d6rebro. P\u00e5 den tiden var detta landsv\u00e4gen mot Stora Mell\u00f6sa.<\/p>\n<figure id=\"attachment_413\" aria-describedby=\"caption-attachment-413\" style=\"width: 468px\" class=\"wp-caption alignleft\"><a href=\"http:\/\/fredrikalvelov.se\/wp-content\/uploads\/2012\/07\/almbybacken-1915.jpg\" target=\"_blank\"><img loading=\"lazy\" decoding=\"async\" class=\" wp-image-413\" title=\"almbybacken 1915\" src=\"http:\/\/fredrikalvelov.se\/wp-content\/uploads\/2012\/07\/almbybacken-1915-1024x675.jpg\" width=\"468\" height=\"308\" srcset=\"https:\/\/fredrikalvelov.se\/wp-content\/uploads\/2012\/07\/almbybacken-1915-1024x675.jpg 1024w, https:\/\/fredrikalvelov.se\/wp-content\/uploads\/2012\/07\/almbybacken-1915-300x197.jpg 300w, https:\/\/fredrikalvelov.se\/wp-content\/uploads\/2012\/07\/almbybacken-1915.jpg 1319w\" sizes=\"auto, (max-width: 468px) 100vw, 468px\" \/><\/a><figcaption id=\"caption-attachment-413\" class=\"wp-caption-text\">Infanteritrupper ur Svea Tr\u00e4ngk\u00e5r \u00e4r p\u00e5 marsch i Almbybacken \u00e5r 1915.<\/figcaption><\/figure>\n<p>&nbsp;<\/p>\n<p>&nbsp;<\/p>\n<p>&nbsp;<\/p>\n<p>&nbsp;<\/p>\n<p>&nbsp;<\/p>\n<p>&nbsp;<\/p>\n<p>&nbsp;<\/p>\n<p>&nbsp;<\/p>\n<p>&nbsp;<\/p>\n<p>&nbsp;<\/p>\n<figure id=\"attachment_595\" aria-describedby=\"caption-attachment-595\" style=\"width: 530px\" class=\"wp-caption alignnone\"><a href=\"http:\/\/fredrikalvelov.se\/wp-content\/uploads\/2015\/09\/20150830_174242-e1442270820822.jpg\" target=\"_blank\"><img loading=\"lazy\" decoding=\"async\" class=\"wp-image-595 size-large\" src=\"http:\/\/fredrikalvelov.se\/wp-content\/uploads\/2015\/09\/20150830_174242-1024x576.jpg\" alt=\"20150830_174242\" width=\"530\" height=\"298\" \/><\/a><figcaption id=\"caption-attachment-595\" class=\"wp-caption-text\">Rudbeckiusv\u00e4gen i Almby, sommaren 2015. Min v\u00e4g till skolan under m\u00e5nga \u00e5r. Bilden \u00e4r tagen mot \u00f6ster.<\/figcaption><\/figure>\n<p>&nbsp;<\/p>\n<figure id=\"attachment_650\" aria-describedby=\"caption-attachment-650\" style=\"width: 530px\" class=\"wp-caption alignnone\"><a href=\"http:\/\/fredrikalvelov.se\/wp-content\/uploads\/2012\/07\/vallgatan-9.jpg\" target=\"_blank\"><img loading=\"lazy\" decoding=\"async\" class=\"wp-image-650 size-large\" src=\"http:\/\/fredrikalvelov.se\/wp-content\/uploads\/2012\/07\/vallgatan-9-1024x836.jpg\" alt=\"vallgatan-9\" width=\"530\" height=\"433\" srcset=\"https:\/\/fredrikalvelov.se\/wp-content\/uploads\/2012\/07\/vallgatan-9-1024x836.jpg 1024w, https:\/\/fredrikalvelov.se\/wp-content\/uploads\/2012\/07\/vallgatan-9-300x245.jpg 300w, https:\/\/fredrikalvelov.se\/wp-content\/uploads\/2012\/07\/vallgatan-9-768x627.jpg 768w, https:\/\/fredrikalvelov.se\/wp-content\/uploads\/2012\/07\/vallgatan-9.jpg 1386w\" sizes=\"auto, (max-width: 530px) 100vw, 530px\" \/><\/a><figcaption id=\"caption-attachment-650\" class=\"wp-caption-text\">Vallgatan 9 i Almby ca 1975. Min mormor och morfar \u00e4gde huset fr\u00e5n november 1965 (d\u00e5 de flyttade fr\u00e5n Pistolv\u00e4gen i G\u00e4llersta) till 1984. N\u00e4r jag var liten bodde ett studentpar p\u00e5 \u00f6verv\u00e5ningen. Kent och Eivor minns jag att de hette. N\u00e4r min morfar gick bort 1984 tog mina f\u00f6r\u00e4ldrar \u00f6ver huset. Mamma s\u00e5lde det 2003. Tr\u00e4dg\u00e5rden \u00e4r nu totalt f\u00f6rfallen och tomten delad i tv\u00e5. Sorgligt!<\/figcaption><\/figure>\n<p>&nbsp;<\/p>\n","protected":false},"excerpt":{"rendered":"<p>Almby och Tybble &nbsp; Almby och den n\u00e4rliggande byn Tybble var tidiga bos\u00e4ttningar i det som nu \u00e4r syd\u00f6stra \u00d6rebro. D\u00e5 jag har v\u00e4xt upp i Almby och bott i Tybble under ett antal \u00e5r efter det, har detta omr\u00e5de&#8230; <a href=\"https:\/\/fredrikalvelov.se\/?page_id=410\" class=\"readmore\">L\u00e4s mer<span class=\"screen-reader-text\">Almby<\/span><span class=\"fa fa-angle-double-right\" aria-hidden=\"true\"><\/span><\/a><\/p>\n","protected":false},"author":1,"featured_media":0,"parent":0,"menu_order":0,"comment_status":"closed","ping_status":"closed","template":"","meta":{"footnotes":""},"class_list":["post-410","page","type-page","status-publish","hentry"],"_links":{"self":[{"href":"https:\/\/fredrikalvelov.se\/index.php?rest_route=\/wp\/v2\/pages\/410","targetHints":{"allow":["GET"]}}],"collection":[{"href":"https:\/\/fredrikalvelov.se\/index.php?rest_route=\/wp\/v2\/pages"}],"about":[{"href":"https:\/\/fredrikalvelov.se\/index.php?rest_route=\/wp\/v2\/types\/page"}],"author":[{"embeddable":true,"href":"https:\/\/fredrikalvelov.se\/index.php?rest_route=\/wp\/v2\/users\/1"}],"replies":[{"embeddable":true,"href":"https:\/\/fredrikalvelov.se\/index.php?rest_route=%2Fwp%2Fv2%2Fcomments&post=410"}],"version-history":[{"count":21,"href":"https:\/\/fredrikalvelov.se\/index.php?rest_route=\/wp\/v2\/pages\/410\/revisions"}],"predecessor-version":[{"id":657,"href":"https:\/\/fredrikalvelov.se\/index.php?rest_route=\/wp\/v2\/pages\/410\/revisions\/657"}],"wp:attachment":[{"href":"https:\/\/fredrikalvelov.se\/index.php?rest_route=%2Fwp%2Fv2%2Fmedia&parent=410"}],"curies":[{"name":"wp","href":"https:\/\/api.w.org\/{rel}","templated":true}]}}